{"id":5511,"date":"2022-12-06T17:01:00","date_gmt":"2022-12-06T17:01:00","guid":{"rendered":"http:\/\/www.tv8.sk\/wp\/?page_id=5511"},"modified":"2025-09-03T11:27:09","modified_gmt":"2025-09-03T11:27:09","slug":"vianocny-kalendar","status":"publish","type":"page","link":"https:\/\/www.tv8.sk\/wp\/?page_id=5511","title":{"rendered":"Z\u00e1\u017eitkov\u00e9 pobyty"},"content":{"rendered":"\n<figure class=\"wp-block-gallery has-nested-images columns-default is-cropped wp-block-gallery-1 is-layout-flex wp-block-gallery-is-layout-flex\">\n<figure class=\"wp-block-image size-large\"><a href=\"http:\/\/www.tv8.sk\/wp\/wp-content\/uploads\/2025\/09\/1080x1350-renata-e1756898732632.jpg\"><img loading=\"lazy\" decoding=\"async\" width=\"819\" height=\"1024\" data-id=\"6085\" src=\"http:\/\/www.tv8.sk\/wp\/wp-content\/uploads\/2025\/09\/1080x1350-renata-819x1024.jpg\" alt=\"\" class=\"wp-image-6085\"\/><\/a><\/figure>\n<\/figure>\n\n\n\n<p class=\"has-text-align-left\"><strong><mark style=\"background-color:rgba(0, 0, 0, 0);color:#1f9824\" class=\"has-inline-color\">Srde\u010dne V\u00e1s poz\u00fdvame na duchovne-tvoriv\u00fd a&nbsp;du\u0161evne-relaxa\u010dn\u00fd pobyt, nasmerovan\u00fd na obnovu telesn\u00e9ho a&nbsp;du\u0161evn\u00e9ho zdravia, sebadiscipl\u00ednu, pozit\u00edvny pr\u00edstup a&nbsp;l\u00e1skav\u00e9 my\u0161lienky v&nbsp;ka\u017edom oh\u013eade.&nbsp;<\/mark><\/strong><\/p>\n\n\n\n<p>&nbsp;&nbsp;&nbsp;&nbsp;<strong> <\/strong><\/p>\n\n\n\n<p><\/p>\n\n\n\n<p><strong><mark style=\"background-color:rgba(0, 0, 0, 0);color:#3f923f\" class=\"has-inline-color\">Duchovn\u00fd svet&nbsp;<\/mark><\/strong><\/p>\n\n\n\n<p>Je v\u0161ade okolo n\u00e1s po cel\u00fd \u017eivot, oddelen\u00fd&nbsp; je iba tenk\u00fdm, jemn\u00fdm, hmotn\u00fdm z\u00e1vojom. Nie sme si ho vedom\u00ed, no sme v&nbsp;\u0148om. \u010clovek je vo svojej podstate duchovn\u00e1 bytos\u0165, duchom v&nbsp;\u013eudskej podobe. Ak sa z\u00e1voj hmoty z&nbsp;o\u010d\u00ed nadvihne, duchovn\u00fd svet sa mu odhal\u00ed &#8230;.<\/p>\n\n\n\n<p>Spolo\u010dn\u00fdmi krokmi, uveden\u00edm sa prostredn\u00edctvom medita\u010dnej polohy do hlbok\u00e9ho uvo\u013enenia, pocit bez tia\u017ee, neuvedomenie si tela &#8230;..&nbsp; je vstupom do r\u00ed\u0161e Ducha a&nbsp;z\u00e1blesku (papr\u0161lekov )- l\u00fa\u010dikov l\u00e1sky .&nbsp; Uvedieme si telesn\u00e9ho ducha do spojenia s &nbsp;atmosf\u00e9rou Du\u0161i.&nbsp; Zachyt\u00e1vanie poznatkov cez jemnej\u0161ie zmysly, ktor\u00e9 sa za\u010dn\u00fa otv\u00e1ra\u0165 a&nbsp;spr\u00edstup\u0148ova\u0165 pre \u010fal\u0161ie podnikav\u00e9 cesty k&nbsp;vy\u0161\u0161\u00edm cie\u013eom.<\/p>\n\n\n\n<p><\/p>\n\n\n\n<p><\/p>\n\n\n\n<p><strong><mark style=\"background-color:rgba(0, 0, 0, 0);color:#2c9533\" class=\"has-inline-color\">T\u00e9my :&nbsp;<\/mark><\/strong><\/p>\n\n\n\n<p><strong>Inform\u00e1cie z oblasti spojenia nebies s \u010dlovekom&nbsp; &#8211;<\/strong>vpl\u00fdvaj\u00facej na&nbsp; \u017eivot \u013eud\u00ed<\/p>\n\n\n\n<p><strong>\u010cist\u00e1&nbsp; myse\u013e<\/strong>-vypr\u00e1zd\u0148ovanie my\u0161lienok<\/p>\n\n\n\n<p><strong>Cvi\u010dne veden\u00e9<\/strong> &#8211; vedom\u00e9 d\u00fdchane<\/p>\n\n\n\n<p><strong>Cvi\u010dne veden\u00e9<\/strong> \u2013 pr\u00fadenie Pr\u00e1ny, nadychovanie kostr\u010dou smerom nad hlavu a&nbsp;sp\u00e4\u0165<\/p>\n\n\n\n<p><strong>Prest\u00fapenie sa svetlom<\/strong> <strong>jednotliv\u00fdch ukazovate\u013eov-n\u00e1strojov pomoci<\/strong> pri starostlivosti o&nbsp;telo, myse\u013e a&nbsp;du\u0161u, -praktick\u00e9 za\u017e\u00edvanie prejavov a pocitov, (&nbsp; konkr\u00e9tne -rozli\u0161ovanie \u010do je telu prospe\u0161n\u00e9 a&nbsp;\u010do treba vyl\u00fa\u010di\u0165 )&nbsp;<strong>stavy anjelov v&nbsp;nebi<\/strong>&#8211; ako vpl\u00fdvaj\u00fa na \u010dloveka premeny l\u00e1sky a&nbsp;viery anjelov,&nbsp; budeme sk\u00fama\u0165 ka\u017ed\u00fd jednotlivec a&nbsp;popisova\u0165 rozdiely pod\u013ea zachyten\u00fdch vibr\u00e1cii kvality vlastnej l\u00e1sky a&nbsp;viery. Tak\u00e9ho rozdiely v premen\u00e1ch stavov anjelov, s\u00fa ako premeny denn\u00fdch stavov v&nbsp;r\u00f4znych klimatick\u00fdch p\u00e1smach na Zemi . T\u00e1to t\u00e9ma pod\u010diarkuje- nav\u00fd\u0161enie osobnej vibr\u00e1cie, \u017eivot prejavuj\u00faci sa nebeskou atmosf\u00e9rou, povaha ,charakter a&nbsp;tv\u00e1r (obli\u010daj) \u010dloveka&nbsp; je prejaven\u00fd pr\u00edjemn\u00fdm&nbsp; a&nbsp;l\u00e1skav\u00fdm vystupovan\u00edm bez vn\u00fatornej pretv\u00e1rky, v&nbsp;tv\u00e1ri v&nbsp;o\u010diach sa zra\u010d\u00ed kr\u00e1sa , \u00faprimnos\u0165, vzne\u0161enos\u0165&#8230;l\u00e1sky. Smerujeme ku kompletnej premene \u017eivota, nie len svojho, ale aj v\u0161eobecne vpl\u00fdvan\u00edm na spolo\u010dnos\u0165. To vedie ku Bo\u017esk\u00e9mu poriadku na Zemi, pozdvihnutiu vedomia a&nbsp;mo\u017en\u00e9 pripomenutie Zlat\u00e9ho veku \u017divota.<\/p>\n\n\n\n<p>Pobyt sa uskuto\u010dn\u00ed 02.10. 2025 &#8211; 05.10. 2025 v lone Tatranskej pr\u00edrody (Vysok\u00e9 Tatry).<\/p>\n\n\n\n<p><strong>Viac inform\u00e1ci\u00ed n\u00e1jdete na tvosem@tv8.sk alebo na \u010d\u00edsle 0905 679 652.<\/strong><\/p>\n\n\n\n<p><strong><mark style=\"background-color:rgba(0, 0, 0, 0)\" class=\"has-inline-color has-vivid-red-color\">Program*<\/mark><\/strong><\/p>\n\n\n\n<p>\u0160tvrtok, 02.10.2025&nbsp;<\/p>\n\n\n\n<ul class=\"wp-block-list\">\n<li>15:00 \u2013 Pr\u00edchod a ubytovanie, \u010das pre seba napr. wellnes.<\/li>\n\n\n\n<li>18:00 \u2013 3- chodov\u00e9 serv\u00edrovan\u00e9 menu<\/li>\n\n\n\n<li>20:00 \u2013 Spolo\u010dn\u00e9 naladenie sa na pobyt.&nbsp;<\/li>\n<\/ul>\n\n\n\n<p>Piatok, 03.10.2025&nbsp;<\/p>\n\n\n\n<ul class=\"wp-block-list\">\n<li>R\u00e1no: Vo\u013en\u00fd \u010das na prech\u00e1dzku, medit\u00e1ciu alebo cvi\u010denie.<\/li>\n\n\n\n<li>8:00 \u2013 Ra\u0148ajky formou \u0161v\u00e9dskych stolov.<\/li>\n\n\n\n<li>9:30 \u2013 12:30 Program s Ren\u00e1tkou<\/li>\n\n\n\n<li>12:30 \u2013 Obed: 3- chodov\u00e9 serv\u00edrovan\u00e9 menu<\/li>\n\n\n\n<li>14:00 \u2013 17:30 Program s Ren\u00e1tkou<\/li>\n\n\n\n<li>18:00 \u2013 Ve\u010dera: 3- chodov\u00e9 serv\u00edrovan\u00e9 menu<\/li>\n\n\n\n<li>18:30 -19:30 vo\u013eno&nbsp;<\/li>\n\n\n\n<li>19:30 \u2013 21:00 Program s Ren\u00e1tkou<\/li>\n<\/ul>\n\n\n\n<p>Sobota, 04.10.2025&nbsp;<\/p>\n\n\n\n<ul class=\"wp-block-list\">\n<li>8:00 \u2013 Ra\u0148ajky formou \u0161v\u00e9dskych stolov.<\/li>\n\n\n\n<li>9:30 \u2013 12:30 Program s Ren\u00e1tkou<\/li>\n\n\n\n<li>12:30 \u2013 Obed: 3- chodov\u00e9 serv\u00edrovan\u00e9 menu<\/li>\n\n\n\n<li>14:00 \u2013 17:30 Program s Ren\u00e1tkou<\/li>\n\n\n\n<li>18:00 \u2013 Ve\u010dera: 3- chodov\u00e9 serv\u00edrovan\u00e9 menu<\/li>\n\n\n\n<li>18:30 -19:30 vo\u013eno&nbsp;<\/li>\n\n\n\n<li>19:30 \u2013 21:00 Program s Ren\u00e1tkou<\/li>\n<\/ul>\n\n\n\n<p>Nede\u013ea, 05.10.2025&nbsp;<\/p>\n\n\n\n<ul class=\"wp-block-list\">\n<li>8:00 \u2013 Ra\u0148ajky formou \u0161v\u00e9dskych stolov. Po ra\u0148ajk\u00e1ch ofici\u00e1lne ukon\u010denie pobytu a rozchod domov.<\/li>\n<\/ul>\n\n\n\n<p><strong><mark style=\"background-color:rgba(0, 0, 0, 0);color:#4f9830\" class=\"has-inline-color\">\u010co si prinies\u0165:<\/mark><\/strong><\/p>\n\n\n\n<ul class=\"wp-block-list\">\n<li><strong>Podlo\u017eka na cvi\u010denie:<\/strong> Karimatka alebo podobn\u00e1 podlo\u017eka. Deku alebo podsed\u00e1k.&nbsp;<\/li>\n\n\n\n<li><strong>P\u00edsacie potreby:<\/strong> Farbi\u010dky, pero a papier\/blok, dosky na p\u00edsane (konferen\u010dn\u00e1 miestnos\u0165 s kinoseden\u00edm, bez stolov)<\/li>\n\n\n\n<li><strong>Tepl\u00e9 oble\u010denie:<\/strong> Pre pr\u00edpad, \u017ee budeme cvi\u010di\u0165 vonku.<\/li>\n\n\n\n<li>Papu\u010de<\/li>\n<\/ul>\n\n\n\n<p><strong><mark style=\"background-color:rgba(0, 0, 0, 0);color:#32aa2b\" class=\"has-inline-color\">Ubytovanie:<\/mark><\/strong><\/p>\n\n\n\n<p>Apartm\u00e1n:<\/p>\n\n\n\n<p><strong>Zdie\u013ean\u00fd 2 l\u00f4\u017ekov\u00fd apartm\u00e1n<\/strong><\/p>\n\n\n\n<ul class=\"wp-block-list\">\n<li> S\u00fakromn\u00e1 k\u00fape\u013e\u0148a<\/li>\n<\/ul>\n\n\n\n<ul class=\"wp-block-list\">\n<li>LED TV<\/li>\n\n\n\n<li>Bezplatn\u00e9 pripojenie na Wifi<\/li>\n\n\n\n<li>Kuchynsk\u00fd k\u00fatik<\/li>\n\n\n\n<li>Chladni\u010dka<\/li>\n\n\n\n<li>Trezor na izbe<\/li>\n\n\n\n<li>Ob\u00fdva\u010dka<\/li>\n<\/ul>\n\n\n\n<p><strong>Izba:<\/strong><\/p>\n\n\n\n<ul class=\"wp-block-list\">\n<li>S\u00fakromn\u00e1 k\u00fape\u013e\u0148a<\/li>\n\n\n\n<li>LED TV<\/li>\n\n\n\n<li>Bezplatn\u00e9 pripojenie na Wifi<\/li>\n\n\n\n<li>Trezor na izbe<\/li>\n<\/ul>\n\n\n\n<p><strong><mark style=\"background-color:rgba(0, 0, 0, 0);color:#47be47\" class=\"has-inline-color\">Wellness:<\/mark><\/strong><\/p>\n\n\n\n<ul class=\"wp-block-list\">\n<li>1x denne vstup na 2 hodiny do wellness centra (baz\u00e9n, f\u00ednska sauna, so\u013en\u00e1 parn\u00e1 sauna, bylinkov\u00e1 parn\u00e1 sauna) a fitness centra<\/li>\n\n\n\n<li>V\u0161etci Va\u0161i \u00fa\u010dastn\u00edci maj\u00fa z\u013eavu 15% na v\u0161etky proced\u00fary.&nbsp;<\/li>\n<\/ul>\n\n\n\n<p><strong><mark style=\"background-color:rgba(0, 0, 0, 0);color:#389f47\" class=\"has-inline-color\">Stravovanie (pln\u00e1 penzia):<\/mark><\/strong><\/p>\n\n\n\n<ul class=\"wp-block-list\">\n<li>Ra\u0148ajky formou bufetov\u00fdch stolov<\/li>\n\n\n\n<li>Obed \u2013 3-chodov\u00e9 serv\u00edrovan\u00e9 menu<\/li>\n\n\n\n<li>Ve\u010dera \u2013 3-chodov\u00e9 serv\u00edrovan\u00e9 menu<\/li>\n<\/ul>\n\n\n\n<p><strong><mark style=\"background-color:rgba(0, 0, 0, 0);color:#389f47\" class=\"has-inline-color\">Doprava a parkovanie:<\/mark><\/strong><\/p>\n\n\n\n<ul class=\"wp-block-list\">\n<li>Bezplatn\u00e9 parkovanie pred hotelom<\/li>\n\n\n\n<li>Zast\u00e1vka tatranskej \u017eeleznice v bl\u00edzkosti hotela (od zast\u00e1vky 25 min\u00fat pe\u0161o k&nbsp;hotelu)<\/li>\n\n\n\n<li>Mo\u017enos\u0165 dopravy tax\u00edkom z popradskej vlakovej stanice (cca 15 \u20ac\/cesta)<\/li>\n<\/ul>\n\n\n\n<p>\u010eakujeme za&nbsp; z\u00e1ujem a te\u0161\u00edme&nbsp;sa na&nbsp;spolo\u010dne&nbsp;str\u00e1ven\u00fd \u010das!<\/p>\n\n\n\n<p>Ren\u00e1ta<\/p>\n\n\n\n<p class=\"has-text-align-center\"><strong><mark style=\"background-color:rgba(0, 0, 0, 0)\" class=\"has-inline-color has-vivid-red-color\">*Program je orienta\u010dn\u00fd, zmena programu vyhraden\u00e1.<\/mark><\/strong><\/p>\n\n\n\n<p><\/p>\n\n\n\n<p>V\u0161eobecn\u00e9 pravidl\u00e1: <a href=\"https:\/\/www.tv8.sk\/wp\/?p=5702\" data-type=\"link\" data-id=\"https:\/\/www.tv8.sk\/wp\/?p=5702\">TU<\/a><\/p>\n\n\n\n<p>GDPR: <a href=\"https:\/\/www.tv8.sk\/wp\/?p=5700\" data-type=\"link\" data-id=\"https:\/\/www.tv8.sk\/wp\/?p=5700\">TU<\/a><\/p>\n\n\n\n<p><\/p>\n\n\n\n<p><\/p>\n\n\n\n<p><\/p>\n\n\n\n<p><\/p>\n\n\n\n<p><br><\/p>\n","protected":false},"excerpt":{"rendered":"<p>Srde\u010dne V\u00e1s poz\u00fdvame na duchovne-tvoriv\u00fd a&nbsp;du\u0161evne-relaxa\u010dn\u00fd pobyt, nasmerovan\u00fd na obnovu telesn\u00e9ho a&nbsp;du\u0161evn\u00e9ho zdravia, sebadiscipl\u00ednu, pozit\u00edvny pr\u00edstup a&nbsp;l\u00e1skav\u00e9 my\u0161lienky v&nbsp;ka\u017edom oh\u013eade.&nbsp; &nbsp;&nbsp;&nbsp;&nbsp; Duchovn\u00fd svet&nbsp; Je v\u0161ade okolo n\u00e1s po cel\u00fd \u017eivot, oddelen\u00fd&nbsp; je iba tenk\u00fdm, jemn\u00fdm, hmotn\u00fdm z\u00e1vojom. Nie sme si<\/p>\n","protected":false},"author":1,"featured_media":0,"parent":0,"menu_order":0,"comment_status":"closed","ping_status":"closed","template":"","meta":{"footnotes":""},"class_list":["post-5511","page","type-page","status-publish","hentry"],"_links":{"self":[{"href":"https:\/\/www.tv8.sk\/wp\/index.php?rest_route=\/wp\/v2\/pages\/5511","targetHints":{"allow":["GET"]}}],"collection":[{"href":"https:\/\/www.tv8.sk\/wp\/index.php?rest_route=\/wp\/v2\/pages"}],"about":[{"href":"https:\/\/www.tv8.sk\/wp\/index.php?rest_route=\/wp\/v2\/types\/page"}],"author":[{"embeddable":true,"href":"https:\/\/www.tv8.sk\/wp\/index.php?rest_route=\/wp\/v2\/users\/1"}],"replies":[{"embeddable":true,"href":"https:\/\/www.tv8.sk\/wp\/index.php?rest_route=%2Fwp%2Fv2%2Fcomments&post=5511"}],"version-history":[{"count":118,"href":"https:\/\/www.tv8.sk\/wp\/index.php?rest_route=\/wp\/v2\/pages\/5511\/revisions"}],"predecessor-version":[{"id":6088,"href":"https:\/\/www.tv8.sk\/wp\/index.php?rest_route=\/wp\/v2\/pages\/5511\/revisions\/6088"}],"wp:attachment":[{"href":"https:\/\/www.tv8.sk\/wp\/index.php?rest_route=%2Fwp%2Fv2%2Fmedia&parent=5511"}],"curies":[{"name":"wp","href":"https:\/\/api.w.org\/{rel}","templated":true}]}}